{"id":70938,"date":"2022-05-20T05:30:00","date_gmt":"2022-05-20T03:30:12","guid":{"rendered":"https:\/\/www.gruppoliturgico.com\/prodotto\/etole-double-face-8\/"},"modified":"2022-06-17T16:53:58","modified_gmt":"2022-06-17T14:53:58","slug":"etole-double-face-8","status":"publish","type":"product","link":"https:\/\/www.gruppoliturgico.com\/fr\/produit\/etole-double-face-8\/","title":{"rendered":"\u00e9tole double face"},"content":{"rendered":"<html><body><p>Un \u00e9l\u00e9gant tissu de laine et soie choisi pour la r\u00e9alisation de cette \u00e9tole<br>\nLa partie ornementale, tiss\u00e9e directement dans l\u2019\u00e9toffe, est compos\u00e9e d\u2019une insertion serr\u00e9e de lignes dor\u00e9es qui, apr\u00e8s avoir richement d\u00e9cor\u00e9 la partie centrale, vont au fur et \u00e0 mesure s\u2019espacer en ornant toute l\u2019 \u00e9tole.<br>\nLes couleurs sont accoupl\u00e9s avec blanc\/rouge et vert\/violet.<\/p>\n<\/body><\/html>","protected":false},"excerpt":{"rendered":"<p>Un \u00e9l\u00e9gant tissu de laine et soie choisi pour la r\u00e9alisation de cette \u00e9tole<br \/>\nLa partie ornementale, tiss\u00e9e directement dans l&rsquo;\u00e9toffe, est compos\u00e9e d&rsquo;une insertion serr\u00e9e de lignes dor\u00e9es qui, apr\u00e8s avoir richement d\u00e9cor\u00e9 la partie centrale, vont au fur et \u00e0 mesure s&rsquo;espacer en ornant toute l\u2019 \u00e9tole.<br \/>\nLes couleurs sont accoupl\u00e9s avec blanc\/rouge et vert\/violet.<\/p>\n","protected":false},"featured_media":136580,"template":"","meta":[],"product_cat":[12308],"product_tag":[],"yoast_head":"<!-- This site is optimized with the Yoast SEO plugin v20.4 - https:\/\/yoast.com\/wordpress\/plugins\/seo\/ -->\n<title>\u00e9tole double face - \u00e9toles double face et Laboratorio Gruppo Liturgico<\/title>\n<meta name=\"description\" content=\"Un \u00e9l\u00e9gant tissu de laine et soie choisi pour la r\u00e9alisation de cette \u00e9tole La partie ornementale, tiss\u00e9e directement dans l&#039;\u00e9toffe, est compos\u00e9e d&#039;une insertion serr\u00e9e de lignes dor\u00e9es qui, apr\u00e8s avoir richement d\u00e9cor\u00e9 la partie centrale, vont au fur et \u00e0 mesure s&#039;espacer en ornant toute l\u2019 \u00e9tole. Les couleurs sont accoupl\u00e9s avec blanc\/rouge et vert\/violet.\" \/>\n<meta name=\"robots\" content=\"index, follow, max-snippet:-1, max-image-preview:large, max-video-preview:-1\" \/>\n<link rel=\"canonical\" href=\"https:\/\/www.gruppoliturgico.com\/fr\/produit\/etole-double-face-8\/\" \/>\n<meta property=\"og:locale\" content=\"fr_FR\" \/>\n<meta property=\"og:type\" content=\"article\" \/>\n<meta property=\"og:title\" content=\"\u00e9tole double face - \u00e9toles double face et Laboratorio Gruppo Liturgico\" \/>\n<meta property=\"og:description\" content=\"Un \u00e9l\u00e9gant tissu de laine et soie choisi pour la r\u00e9alisation de cette \u00e9tole La partie ornementale, tiss\u00e9e directement dans l&#039;\u00e9toffe, est compos\u00e9e d&#039;une insertion serr\u00e9e de lignes dor\u00e9es qui, apr\u00e8s avoir richement d\u00e9cor\u00e9 la partie centrale, vont au fur et \u00e0 mesure s&#039;espacer en ornant toute l\u2019 \u00e9tole. Les couleurs sont accoupl\u00e9s avec blanc\/rouge et vert\/violet.\" \/>\n<meta property=\"og:url\" content=\"https:\/\/www.gruppoliturgico.com\/fr\/produit\/etole-double-face-8\/\" \/>\n<meta property=\"og:site_name\" content=\"Laboratorio Gruppo Liturgico\" \/>\n<meta property=\"article:modified_time\" content=\"2022-06-17T14:53:58+00:00\" \/>\n<meta property=\"og:image\" content=\"https:\/\/www.gruppoliturgico.com\/wp-content\/uploads\/2022\/06\/3501-v-v.jpg\" \/>\n\t<meta property=\"og:image:width\" content=\"373\" \/>\n\t<meta property=\"og:image:height\" content=\"750\" \/>\n\t<meta property=\"og:image:type\" content=\"image\/jpeg\" \/>\n<meta name=\"twitter:card\" content=\"summary_large_image\" \/>\n<script type=\"application\/ld+json\" class=\"yoast-schema-graph\">{\"@context\":\"https:\/\/schema.org\",\"@graph\":[{\"@type\":\"WebPage\",\"@id\":\"https:\/\/www.gruppoliturgico.com\/fr\/produit\/etole-double-face-8\/\",\"url\":\"https:\/\/www.gruppoliturgico.com\/fr\/produit\/etole-double-face-8\/\",\"name\":\"\u00e9tole double face - \u00e9toles double face et Laboratorio Gruppo Liturgico\",\"isPartOf\":{\"@id\":\"https:\/\/www.gruppoliturgico.com\/es\/#website\"},\"datePublished\":\"2022-05-20T03:30:12+00:00\",\"dateModified\":\"2022-06-17T14:53:58+00:00\",\"description\":\"Un \u00e9l\u00e9gant tissu de laine et soie choisi pour la r\u00e9alisation de cette \u00e9tole La partie ornementale, tiss\u00e9e directement dans l'\u00e9toffe, est compos\u00e9e d'une insertion serr\u00e9e de lignes dor\u00e9es qui, apr\u00e8s avoir richement d\u00e9cor\u00e9 la partie centrale, vont au fur et \u00e0 mesure s'espacer en ornant toute l\u2019 \u00e9tole. Les couleurs sont accoupl\u00e9s avec blanc\/rouge et vert\/violet.\",\"breadcrumb\":{\"@id\":\"https:\/\/www.gruppoliturgico.com\/fr\/produit\/etole-double-face-8\/#breadcrumb\"},\"inLanguage\":\"fr-FR\",\"potentialAction\":[{\"@type\":\"ReadAction\",\"target\":[\"https:\/\/www.gruppoliturgico.com\/fr\/produit\/etole-double-face-8\/\"]}]},{\"@type\":\"BreadcrumbList\",\"@id\":\"https:\/\/www.gruppoliturgico.com\/fr\/produit\/etole-double-face-8\/#breadcrumb\",\"itemListElement\":[{\"@type\":\"ListItem\",\"position\":1,\"name\":\"Home\",\"item\":\"https:\/\/www.gruppoliturgico.com\/fr\/\"},{\"@type\":\"ListItem\",\"position\":2,\"name\":\"Boutique\",\"item\":\"https:\/\/www.gruppoliturgico.com\/fr\/boutique\/\"},{\"@type\":\"ListItem\",\"position\":3,\"name\":\"\u00e9tole double face\"}]},{\"@type\":\"WebSite\",\"@id\":\"https:\/\/www.gruppoliturgico.com\/es\/#website\",\"url\":\"https:\/\/www.gruppoliturgico.com\/es\/\",\"name\":\"Laboratorio Gruppo Liturgico\",\"description\":\"Articoli Religiosi online\",\"publisher\":{\"@id\":\"https:\/\/www.gruppoliturgico.com\/es\/#organization\"},\"potentialAction\":[{\"@type\":\"SearchAction\",\"target\":{\"@type\":\"EntryPoint\",\"urlTemplate\":\"https:\/\/www.gruppoliturgico.com\/es\/?s={search_term_string}\"},\"query-input\":\"required name=search_term_string\"}],\"inLanguage\":\"fr-FR\"},{\"@type\":\"Organization\",\"@id\":\"https:\/\/www.gruppoliturgico.com\/es\/#organization\",\"name\":\"Laboratorio Gruppo Liturgico\",\"url\":\"https:\/\/www.gruppoliturgico.com\/es\/\",\"logo\":{\"@type\":\"ImageObject\",\"inLanguage\":\"fr-FR\",\"@id\":\"https:\/\/www.gruppoliturgico.com\/es\/#\/schema\/logo\/image\/\",\"url\":\"https:\/\/www.gruppoliturgico.com\/wp-content\/uploads\/2022\/02\/logo-laboratoriogruppoliturgico.png\",\"contentUrl\":\"https:\/\/www.gruppoliturgico.com\/wp-content\/uploads\/2022\/02\/logo-laboratoriogruppoliturgico.png\",\"width\":400,\"height\":114,\"caption\":\"Laboratorio Gruppo Liturgico\"},\"image\":{\"@id\":\"https:\/\/www.gruppoliturgico.com\/es\/#\/schema\/logo\/image\/\"}}]}<\/script>\n<!-- \/ Yoast SEO plugin. -->","yoast_head_json":{"title":"\u00e9tole double face - \u00e9toles double face et Laboratorio Gruppo Liturgico","description":"Un \u00e9l\u00e9gant tissu de laine et soie choisi pour la r\u00e9alisation de cette \u00e9tole La partie ornementale, tiss\u00e9e directement dans l'\u00e9toffe, est compos\u00e9e d'une insertion serr\u00e9e de lignes dor\u00e9es qui, apr\u00e8s avoir richement d\u00e9cor\u00e9 la partie centrale, vont au fur et \u00e0 mesure s'espacer en ornant toute l\u2019 \u00e9tole. Les couleurs sont accoupl\u00e9s avec blanc\/rouge et vert\/violet.","robots":{"index":"index","follow":"follow","max-snippet":"max-snippet:-1","max-image-preview":"max-image-preview:large","max-video-preview":"max-video-preview:-1"},"canonical":"https:\/\/www.gruppoliturgico.com\/fr\/produit\/etole-double-face-8\/","og_locale":"fr_FR","og_type":"article","og_title":"\u00e9tole double face - \u00e9toles double face et Laboratorio Gruppo Liturgico","og_description":"Un \u00e9l\u00e9gant tissu de laine et soie choisi pour la r\u00e9alisation de cette \u00e9tole La partie ornementale, tiss\u00e9e directement dans l'\u00e9toffe, est compos\u00e9e d'une insertion serr\u00e9e de lignes dor\u00e9es qui, apr\u00e8s avoir richement d\u00e9cor\u00e9 la partie centrale, vont au fur et \u00e0 mesure s'espacer en ornant toute l\u2019 \u00e9tole. Les couleurs sont accoupl\u00e9s avec blanc\/rouge et vert\/violet.","og_url":"https:\/\/www.gruppoliturgico.com\/fr\/produit\/etole-double-face-8\/","og_site_name":"Laboratorio Gruppo Liturgico","article_modified_time":"2022-06-17T14:53:58+00:00","og_image":[{"width":373,"height":750,"url":"https:\/\/www.gruppoliturgico.com\/wp-content\/uploads\/2022\/06\/3501-v-v.jpg","type":"image\/jpeg"}],"twitter_card":"summary_large_image","schema":{"@context":"https:\/\/schema.org","@graph":[{"@type":"WebPage","@id":"https:\/\/www.gruppoliturgico.com\/fr\/produit\/etole-double-face-8\/","url":"https:\/\/www.gruppoliturgico.com\/fr\/produit\/etole-double-face-8\/","name":"\u00e9tole double face - \u00e9toles double face et Laboratorio Gruppo Liturgico","isPartOf":{"@id":"https:\/\/www.gruppoliturgico.com\/es\/#website"},"datePublished":"2022-05-20T03:30:12+00:00","dateModified":"2022-06-17T14:53:58+00:00","description":"Un \u00e9l\u00e9gant tissu de laine et soie choisi pour la r\u00e9alisation de cette \u00e9tole La partie ornementale, tiss\u00e9e directement dans l'\u00e9toffe, est compos\u00e9e d'une insertion serr\u00e9e de lignes dor\u00e9es qui, apr\u00e8s avoir richement d\u00e9cor\u00e9 la partie centrale, vont au fur et \u00e0 mesure s'espacer en ornant toute l\u2019 \u00e9tole. Les couleurs sont accoupl\u00e9s avec blanc\/rouge et vert\/violet.","breadcrumb":{"@id":"https:\/\/www.gruppoliturgico.com\/fr\/produit\/etole-double-face-8\/#breadcrumb"},"inLanguage":"fr-FR","potentialAction":[{"@type":"ReadAction","target":["https:\/\/www.gruppoliturgico.com\/fr\/produit\/etole-double-face-8\/"]}]},{"@type":"BreadcrumbList","@id":"https:\/\/www.gruppoliturgico.com\/fr\/produit\/etole-double-face-8\/#breadcrumb","itemListElement":[{"@type":"ListItem","position":1,"name":"Home","item":"https:\/\/www.gruppoliturgico.com\/fr\/"},{"@type":"ListItem","position":2,"name":"Boutique","item":"https:\/\/www.gruppoliturgico.com\/fr\/boutique\/"},{"@type":"ListItem","position":3,"name":"\u00e9tole double face"}]},{"@type":"WebSite","@id":"https:\/\/www.gruppoliturgico.com\/es\/#website","url":"https:\/\/www.gruppoliturgico.com\/es\/","name":"Laboratorio Gruppo Liturgico","description":"Articoli Religiosi online","publisher":{"@id":"https:\/\/www.gruppoliturgico.com\/es\/#organization"},"potentialAction":[{"@type":"SearchAction","target":{"@type":"EntryPoint","urlTemplate":"https:\/\/www.gruppoliturgico.com\/es\/?s={search_term_string}"},"query-input":"required name=search_term_string"}],"inLanguage":"fr-FR"},{"@type":"Organization","@id":"https:\/\/www.gruppoliturgico.com\/es\/#organization","name":"Laboratorio Gruppo Liturgico","url":"https:\/\/www.gruppoliturgico.com\/es\/","logo":{"@type":"ImageObject","inLanguage":"fr-FR","@id":"https:\/\/www.gruppoliturgico.com\/es\/#\/schema\/logo\/image\/","url":"https:\/\/www.gruppoliturgico.com\/wp-content\/uploads\/2022\/02\/logo-laboratoriogruppoliturgico.png","contentUrl":"https:\/\/www.gruppoliturgico.com\/wp-content\/uploads\/2022\/02\/logo-laboratoriogruppoliturgico.png","width":400,"height":114,"caption":"Laboratorio Gruppo Liturgico"},"image":{"@id":"https:\/\/www.gruppoliturgico.com\/es\/#\/schema\/logo\/image\/"}}]}},"_links":{"self":[{"href":"https:\/\/www.gruppoliturgico.com\/fr\/wp-json\/wp\/v2\/product\/70938"}],"collection":[{"href":"https:\/\/www.gruppoliturgico.com\/fr\/wp-json\/wp\/v2\/product"}],"about":[{"href":"https:\/\/www.gruppoliturgico.com\/fr\/wp-json\/wp\/v2\/types\/product"}],"wp:featuredmedia":[{"embeddable":true,"href":"https:\/\/www.gruppoliturgico.com\/fr\/wp-json\/wp\/v2\/media\/136580"}],"wp:attachment":[{"href":"https:\/\/www.gruppoliturgico.com\/fr\/wp-json\/wp\/v2\/media?parent=70938"}],"wp:term":[{"taxonomy":"product_cat","embeddable":true,"href":"https:\/\/www.gruppoliturgico.com\/fr\/wp-json\/wp\/v2\/product_cat?post=70938"},{"taxonomy":"product_tag","embeddable":true,"href":"https:\/\/www.gruppoliturgico.com\/fr\/wp-json\/wp\/v2\/product_tag?post=70938"}],"curies":[{"name":"wp","href":"https:\/\/api.w.org\/{rel}","templated":true}]}}