{"id":64329,"date":"2022-05-19T23:45:44","date_gmt":"2022-05-19T21:45:51","guid":{"rendered":"https:\/\/www.gruppoliturgico.com\/prodotto\/voile-humeral-2\/"},"modified":"2022-09-16T11:50:07","modified_gmt":"2022-09-16T09:50:07","slug":"voile-humeral-2","status":"publish","type":"product","link":"https:\/\/www.gruppoliturgico.com\/fr\/produit\/voile-humeral-2\/","title":{"rendered":"voile hum\u00e9ral"},"content":{"rendered":"<html><body><p>Voile hum\u00e9ral avec une riche broderie de fleurs, ornements baroques et symbole IHS central.<br>\nFini avec des franges et des garnitures dor\u00e9es.<br>\nDisponible dans tous les coloris liturgiques<br>\nDimensions cm 245 x 50.<br>\nIl s\u2019assortit avec la chape art 497 parce qu\u2019elles ont la m\u00eame broderie.<\/p>\n<\/body><\/html>","protected":false},"excerpt":{"rendered":"<p>Voile hum\u00e9ral avec une riche broderie de fleurs, ornements baroques et symbole IHS central.<br \/>\nFini avec des franges et des garnitures dor\u00e9es.<br \/>\nDisponible dans tous les coloris liturgiques<br \/>\nDimensions cm 245 x 50.<br \/>\nIl s&rsquo;assortit avec la chape art 497 parce qu&rsquo;elles ont la m\u00eame broderie.<\/p>\n","protected":false},"featured_media":112760,"template":"","meta":[],"product_cat":[12292],"product_tag":[],"yoast_head":"<!-- This site is optimized with the Yoast SEO plugin v20.4 - https:\/\/yoast.com\/wordpress\/plugins\/seo\/ -->\n<title>voile hum\u00e9ral - voiles hum\u00e8raux et Laboratorio Gruppo Liturgico<\/title>\n<meta name=\"description\" content=\"Voile hum\u00e9ral avec une riche broderie de fleurs, ornements baroques et symbole IHS central. Fini avec des franges et des garnitures dor\u00e9es. Disponible dans tous les coloris liturgiques Dimensions cm 245 x 50. Il s&#039;assortit avec la chape art 497 parce qu&#039;elles ont la m\u00eame broderie.\" \/>\n<meta name=\"robots\" content=\"index, follow, max-snippet:-1, max-image-preview:large, max-video-preview:-1\" \/>\n<link rel=\"canonical\" href=\"https:\/\/www.gruppoliturgico.com\/fr\/produit\/voile-humeral-2\/\" \/>\n<meta property=\"og:locale\" content=\"fr_FR\" \/>\n<meta property=\"og:type\" content=\"article\" \/>\n<meta property=\"og:title\" content=\"voile hum\u00e9ral - voiles hum\u00e8raux et Laboratorio Gruppo Liturgico\" \/>\n<meta property=\"og:description\" content=\"Voile hum\u00e9ral avec une riche broderie de fleurs, ornements baroques et symbole IHS central. Fini avec des franges et des garnitures dor\u00e9es. Disponible dans tous les coloris liturgiques Dimensions cm 245 x 50. Il s&#039;assortit avec la chape art 497 parce qu&#039;elles ont la m\u00eame broderie.\" \/>\n<meta property=\"og:url\" content=\"https:\/\/www.gruppoliturgico.com\/fr\/produit\/voile-humeral-2\/\" \/>\n<meta property=\"og:site_name\" content=\"Laboratorio Gruppo Liturgico\" \/>\n<meta property=\"article:modified_time\" content=\"2022-09-16T09:50:07+00:00\" \/>\n<meta property=\"og:image\" content=\"https:\/\/www.gruppoliturgico.com\/wp-content\/uploads\/2022\/05\/224_InPixio.1.jpg\" \/>\n\t<meta property=\"og:image:width\" content=\"2000\" \/>\n\t<meta property=\"og:image:height\" content=\"634\" \/>\n\t<meta property=\"og:image:type\" content=\"image\/jpeg\" \/>\n<meta name=\"twitter:card\" content=\"summary_large_image\" \/>\n<script type=\"application\/ld+json\" class=\"yoast-schema-graph\">{\"@context\":\"https:\/\/schema.org\",\"@graph\":[{\"@type\":\"WebPage\",\"@id\":\"https:\/\/www.gruppoliturgico.com\/fr\/produit\/voile-humeral-2\/\",\"url\":\"https:\/\/www.gruppoliturgico.com\/fr\/produit\/voile-humeral-2\/\",\"name\":\"voile hum\u00e9ral - voiles hum\u00e8raux et Laboratorio Gruppo Liturgico\",\"isPartOf\":{\"@id\":\"https:\/\/www.gruppoliturgico.com\/es\/#website\"},\"datePublished\":\"2022-05-19T21:45:51+00:00\",\"dateModified\":\"2022-09-16T09:50:07+00:00\",\"description\":\"Voile hum\u00e9ral avec une riche broderie de fleurs, ornements baroques et symbole IHS central. Fini avec des franges et des garnitures dor\u00e9es. Disponible dans tous les coloris liturgiques Dimensions cm 245 x 50. Il s'assortit avec la chape art 497 parce qu'elles ont la m\u00eame broderie.\",\"breadcrumb\":{\"@id\":\"https:\/\/www.gruppoliturgico.com\/fr\/produit\/voile-humeral-2\/#breadcrumb\"},\"inLanguage\":\"fr-FR\",\"potentialAction\":[{\"@type\":\"ReadAction\",\"target\":[\"https:\/\/www.gruppoliturgico.com\/fr\/produit\/voile-humeral-2\/\"]}]},{\"@type\":\"BreadcrumbList\",\"@id\":\"https:\/\/www.gruppoliturgico.com\/fr\/produit\/voile-humeral-2\/#breadcrumb\",\"itemListElement\":[{\"@type\":\"ListItem\",\"position\":1,\"name\":\"Home\",\"item\":\"https:\/\/www.gruppoliturgico.com\/fr\/\"},{\"@type\":\"ListItem\",\"position\":2,\"name\":\"Boutique\",\"item\":\"https:\/\/www.gruppoliturgico.com\/fr\/boutique\/\"},{\"@type\":\"ListItem\",\"position\":3,\"name\":\"voile hum\u00e9ral\"}]},{\"@type\":\"WebSite\",\"@id\":\"https:\/\/www.gruppoliturgico.com\/es\/#website\",\"url\":\"https:\/\/www.gruppoliturgico.com\/es\/\",\"name\":\"Laboratorio Gruppo Liturgico\",\"description\":\"Articoli Religiosi online\",\"publisher\":{\"@id\":\"https:\/\/www.gruppoliturgico.com\/es\/#organization\"},\"potentialAction\":[{\"@type\":\"SearchAction\",\"target\":{\"@type\":\"EntryPoint\",\"urlTemplate\":\"https:\/\/www.gruppoliturgico.com\/es\/?s={search_term_string}\"},\"query-input\":\"required name=search_term_string\"}],\"inLanguage\":\"fr-FR\"},{\"@type\":\"Organization\",\"@id\":\"https:\/\/www.gruppoliturgico.com\/es\/#organization\",\"name\":\"Laboratorio Gruppo Liturgico\",\"url\":\"https:\/\/www.gruppoliturgico.com\/es\/\",\"logo\":{\"@type\":\"ImageObject\",\"inLanguage\":\"fr-FR\",\"@id\":\"https:\/\/www.gruppoliturgico.com\/es\/#\/schema\/logo\/image\/\",\"url\":\"https:\/\/www.gruppoliturgico.com\/wp-content\/uploads\/2022\/02\/logo-laboratoriogruppoliturgico.png\",\"contentUrl\":\"https:\/\/www.gruppoliturgico.com\/wp-content\/uploads\/2022\/02\/logo-laboratoriogruppoliturgico.png\",\"width\":400,\"height\":114,\"caption\":\"Laboratorio Gruppo Liturgico\"},\"image\":{\"@id\":\"https:\/\/www.gruppoliturgico.com\/es\/#\/schema\/logo\/image\/\"}}]}<\/script>\n<!-- \/ Yoast SEO plugin. -->","yoast_head_json":{"title":"voile hum\u00e9ral - voiles hum\u00e8raux et Laboratorio Gruppo Liturgico","description":"Voile hum\u00e9ral avec une riche broderie de fleurs, ornements baroques et symbole IHS central. Fini avec des franges et des garnitures dor\u00e9es. Disponible dans tous les coloris liturgiques Dimensions cm 245 x 50. Il s'assortit avec la chape art 497 parce qu'elles ont la m\u00eame broderie.","robots":{"index":"index","follow":"follow","max-snippet":"max-snippet:-1","max-image-preview":"max-image-preview:large","max-video-preview":"max-video-preview:-1"},"canonical":"https:\/\/www.gruppoliturgico.com\/fr\/produit\/voile-humeral-2\/","og_locale":"fr_FR","og_type":"article","og_title":"voile hum\u00e9ral - voiles hum\u00e8raux et Laboratorio Gruppo Liturgico","og_description":"Voile hum\u00e9ral avec une riche broderie de fleurs, ornements baroques et symbole IHS central. Fini avec des franges et des garnitures dor\u00e9es. Disponible dans tous les coloris liturgiques Dimensions cm 245 x 50. Il s'assortit avec la chape art 497 parce qu'elles ont la m\u00eame broderie.","og_url":"https:\/\/www.gruppoliturgico.com\/fr\/produit\/voile-humeral-2\/","og_site_name":"Laboratorio Gruppo Liturgico","article_modified_time":"2022-09-16T09:50:07+00:00","og_image":[{"width":2000,"height":634,"url":"https:\/\/www.gruppoliturgico.com\/wp-content\/uploads\/2022\/05\/224_InPixio.1.jpg","type":"image\/jpeg"}],"twitter_card":"summary_large_image","schema":{"@context":"https:\/\/schema.org","@graph":[{"@type":"WebPage","@id":"https:\/\/www.gruppoliturgico.com\/fr\/produit\/voile-humeral-2\/","url":"https:\/\/www.gruppoliturgico.com\/fr\/produit\/voile-humeral-2\/","name":"voile hum\u00e9ral - voiles hum\u00e8raux et Laboratorio Gruppo Liturgico","isPartOf":{"@id":"https:\/\/www.gruppoliturgico.com\/es\/#website"},"datePublished":"2022-05-19T21:45:51+00:00","dateModified":"2022-09-16T09:50:07+00:00","description":"Voile hum\u00e9ral avec une riche broderie de fleurs, ornements baroques et symbole IHS central. Fini avec des franges et des garnitures dor\u00e9es. Disponible dans tous les coloris liturgiques Dimensions cm 245 x 50. Il s'assortit avec la chape art 497 parce qu'elles ont la m\u00eame broderie.","breadcrumb":{"@id":"https:\/\/www.gruppoliturgico.com\/fr\/produit\/voile-humeral-2\/#breadcrumb"},"inLanguage":"fr-FR","potentialAction":[{"@type":"ReadAction","target":["https:\/\/www.gruppoliturgico.com\/fr\/produit\/voile-humeral-2\/"]}]},{"@type":"BreadcrumbList","@id":"https:\/\/www.gruppoliturgico.com\/fr\/produit\/voile-humeral-2\/#breadcrumb","itemListElement":[{"@type":"ListItem","position":1,"name":"Home","item":"https:\/\/www.gruppoliturgico.com\/fr\/"},{"@type":"ListItem","position":2,"name":"Boutique","item":"https:\/\/www.gruppoliturgico.com\/fr\/boutique\/"},{"@type":"ListItem","position":3,"name":"voile hum\u00e9ral"}]},{"@type":"WebSite","@id":"https:\/\/www.gruppoliturgico.com\/es\/#website","url":"https:\/\/www.gruppoliturgico.com\/es\/","name":"Laboratorio Gruppo Liturgico","description":"Articoli Religiosi online","publisher":{"@id":"https:\/\/www.gruppoliturgico.com\/es\/#organization"},"potentialAction":[{"@type":"SearchAction","target":{"@type":"EntryPoint","urlTemplate":"https:\/\/www.gruppoliturgico.com\/es\/?s={search_term_string}"},"query-input":"required name=search_term_string"}],"inLanguage":"fr-FR"},{"@type":"Organization","@id":"https:\/\/www.gruppoliturgico.com\/es\/#organization","name":"Laboratorio Gruppo Liturgico","url":"https:\/\/www.gruppoliturgico.com\/es\/","logo":{"@type":"ImageObject","inLanguage":"fr-FR","@id":"https:\/\/www.gruppoliturgico.com\/es\/#\/schema\/logo\/image\/","url":"https:\/\/www.gruppoliturgico.com\/wp-content\/uploads\/2022\/02\/logo-laboratoriogruppoliturgico.png","contentUrl":"https:\/\/www.gruppoliturgico.com\/wp-content\/uploads\/2022\/02\/logo-laboratoriogruppoliturgico.png","width":400,"height":114,"caption":"Laboratorio Gruppo Liturgico"},"image":{"@id":"https:\/\/www.gruppoliturgico.com\/es\/#\/schema\/logo\/image\/"}}]}},"_links":{"self":[{"href":"https:\/\/www.gruppoliturgico.com\/fr\/wp-json\/wp\/v2\/product\/64329"}],"collection":[{"href":"https:\/\/www.gruppoliturgico.com\/fr\/wp-json\/wp\/v2\/product"}],"about":[{"href":"https:\/\/www.gruppoliturgico.com\/fr\/wp-json\/wp\/v2\/types\/product"}],"wp:featuredmedia":[{"embeddable":true,"href":"https:\/\/www.gruppoliturgico.com\/fr\/wp-json\/wp\/v2\/media\/112760"}],"wp:attachment":[{"href":"https:\/\/www.gruppoliturgico.com\/fr\/wp-json\/wp\/v2\/media?parent=64329"}],"wp:term":[{"taxonomy":"product_cat","embeddable":true,"href":"https:\/\/www.gruppoliturgico.com\/fr\/wp-json\/wp\/v2\/product_cat?post=64329"},{"taxonomy":"product_tag","embeddable":true,"href":"https:\/\/www.gruppoliturgico.com\/fr\/wp-json\/wp\/v2\/product_tag?post=64329"}],"curies":[{"name":"wp","href":"https:\/\/api.w.org\/{rel}","templated":true}]}}