{"version":"1.0","provider_name":"Laboratorio Gruppo Liturgico","provider_url":"https:\/\/www.gruppoliturgico.com\/fr\/","author_name":"woo sync","author_url":"https:\/\/www.gruppoliturgico.com\/fr\/author\/woo-sync\/","title":"ombrellino de procession - baldaquins-ombrellino de procession et Laboratorio Gruppo Liturgico","type":"rich","width":600,"height":338,"html":"<blockquote class=\"wp-embedded-content\" data-secret=\"s0VaFXrTfc\"><a href=\"https:\/\/www.gruppoliturgico.com\/fr\/produit\/ombrellino-de-procession\/\">ombrellino de procession<\/a><\/blockquote><iframe sandbox=\"allow-scripts\" security=\"restricted\" src=\"https:\/\/www.gruppoliturgico.com\/fr\/produit\/ombrellino-de-procession\/embed\/#?secret=s0VaFXrTfc\" width=\"600\" height=\"338\" title=\"\u00ab\u00a0ombrellino de procession\u00a0\u00bb &#8212; Laboratorio Gruppo Liturgico\" data-secret=\"s0VaFXrTfc\" frameborder=\"0\" marginwidth=\"0\" marginheight=\"0\" scrolling=\"no\" class=\"wp-embedded-content\"><\/iframe><script type=\"text\/javascript\">\n\/*! This file is auto-generated *\/\n!function(c,l){\"use strict\";var e=!1,o=!1;if(l.querySelector)if(c.addEventListener)e=!0;if(c.wp=c.wp||{},c.wp.receiveEmbedMessage);else if(c.wp.receiveEmbedMessage=function(e){var t=e.data;if(!t);else if(!(t.secret||t.message||t.value));else if(\/[^a-zA-Z0-9]\/.test(t.secret));else{for(var r,s,a,i=l.querySelectorAll('iframe[data-secret=\"'+t.secret+'\"]'),n=l.querySelectorAll('blockquote[data-secret=\"'+t.secret+'\"]'),o=0;o<n.length;o++)n[o].style.display=\"none\";for(o=0;o<i.length;o++)if(r=i[o],e.source!==r.contentWindow);else{if(r.removeAttribute(\"style\"),\"height\"===t.message){if(1e3<(s=parseInt(t.value,10)))s=1e3;else if(~~s<200)s=200;r.height=s}if(\"link\"===t.message)if(s=l.createElement(\"a\"),a=l.createElement(\"a\"),s.href=r.getAttribute(\"src\"),a.href=t.value,a.host===s.host)if(l.activeElement===r)c.top.location.href=t.value}}},e)c.addEventListener(\"message\",c.wp.receiveEmbedMessage,!1),l.addEventListener(\"DOMContentLoaded\",t,!1),c.addEventListener(\"load\",t,!1);function t(){if(o);else{o=!0;for(var e,t,r,s=-1!==navigator.appVersion.indexOf(\"MSIE 10\"),a=!!navigator.userAgent.match(\/Trident.*rv:11\\.\/),i=l.querySelectorAll(\"iframe.wp-embedded-content\"),n=0;n<i.length;n++){if(!(r=(t=i[n]).getAttribute(\"data-secret\")))r=Math.random().toString(36).substr(2,10),t.src+=\"#?secret=\"+r,t.setAttribute(\"data-secret\",r);if(s||a)(e=t.cloneNode(!0)).removeAttribute(\"security\"),t.parentNode.replaceChild(e,t);t.contentWindow.postMessage({message:\"ready\",secret:r},\"*\")}}}}(window,document);\n<\/script>\n","thumbnail_url":"https:\/\/www.gruppoliturgico.com\/wp-content\/uploads\/2022\/05\/ombrello_inPixio.jpg","thumbnail_width":1304,"thumbnail_height":2000,"description":"Ombrellino de procession confectionn\u00e9 avec un pr\u00e9cieux tissu lampasso, il est enti\u00e8rement orn\u00e9 d'une frange dor\u00e9e haute et pr\u00e9cieuse et compl\u00e9t\u00e9 d'une passementerie de grande valeur.  Ch\u00e2ssis en bois artisanal.  Diam\u00e8tre cm 100."}