{"id":66020,"date":"2022-05-20T01:25:00","date_gmt":"2022-05-19T23:25:31","guid":{"rendered":"https:\/\/www.gruppoliturgico.com\/prodotto\/dalmatica-3\/"},"modified":"2022-06-02T12:21:03","modified_gmt":"2022-06-02T10:21:03","slug":"dalmatica-3","status":"publish","type":"product","link":"https:\/\/www.gruppoliturgico.com\/es\/producto\/dalmatica-3\/","title":{"rendered":"Dalm\u00e1tica"},"content":{"rendered":"<html><body><p>Para este paramento se ha elegido un magn\u00edfico tejido de lana y seda y se ha realizado mediante un proceso artesanal en el telar.<br>\nLa parte ornamental, tejida directamente en la tela, se compone de un compacto intercalado de l\u00edneas doradas que, despu\u00e9s de haber decorado abundantemente la parte central, se van esclareciendo progresivamente decorando toda la dalm\u00e1tica<br>\nIncluye la estola.<br>\nEst\u00e1 disponible en todos los colores lit\u00fargicos.<\/p>\n<\/body><\/html>","protected":false},"excerpt":{"rendered":"<p>Para este paramento se ha elegido un magn\u00edfico tejido de lana y seda y se ha realizado mediante un proceso artesanal en el telar.<br \/>\nLa parte ornamental, tejida directamente en la tela, se compone de un compacto intercalado de l\u00edneas doradas que, despu\u00e9s de haber decorado abundantemente la parte central, se van esclareciendo progresivamente decorando toda la dalm\u00e1tica<br \/>\nIncluye la estola.<br \/>\nEst\u00e1 disponible en todos los colores lit\u00fargicos.<\/p>\n","protected":false},"featured_media":130607,"template":"","meta":[],"product_cat":[12323],"product_tag":[],"yoast_head":"<!-- This site is optimized with the Yoast SEO plugin v20.4 - https:\/\/yoast.com\/wordpress\/plugins\/seo\/ -->\n<title>Dalm\u00e1tica - Dalm\u00e1ticas y Laboratorio Gruppo Liturgico<\/title>\n<meta name=\"description\" content=\"Para este paramento se ha elegido un magn\u00edfico tejido de lana y seda y se ha realizado mediante un proceso artesanal en el telar.  La parte ornamental, tejida directamente en la tela, se compone de un compacto intercalado de l\u00edneas doradas que, despu\u00e9s de haber decorado abundantemente la parte central, se van esclareciendo progresivamente decorando toda la dalm\u00e1tica Incluye la estola. Est\u00e1 disponible en todos los colores lit\u00fargicos.\" \/>\n<meta name=\"robots\" content=\"index, follow, max-snippet:-1, max-image-preview:large, max-video-preview:-1\" \/>\n<link rel=\"canonical\" href=\"https:\/\/www.gruppoliturgico.com\/es\/producto\/dalmatica-3\/\" \/>\n<meta property=\"og:locale\" content=\"es_ES\" \/>\n<meta property=\"og:type\" content=\"article\" \/>\n<meta property=\"og:title\" content=\"Dalm\u00e1tica - Dalm\u00e1ticas y Laboratorio Gruppo Liturgico\" \/>\n<meta property=\"og:description\" content=\"Para este paramento se ha elegido un magn\u00edfico tejido de lana y seda y se ha realizado mediante un proceso artesanal en el telar.  La parte ornamental, tejida directamente en la tela, se compone de un compacto intercalado de l\u00edneas doradas que, despu\u00e9s de haber decorado abundantemente la parte central, se van esclareciendo progresivamente decorando toda la dalm\u00e1tica Incluye la estola. Est\u00e1 disponible en todos los colores lit\u00fargicos.\" \/>\n<meta property=\"og:url\" content=\"https:\/\/www.gruppoliturgico.com\/es\/producto\/dalmatica-3\/\" \/>\n<meta property=\"og:site_name\" content=\"Laboratorio Gruppo Liturgico\" \/>\n<meta property=\"article:modified_time\" content=\"2022-06-02T10:21:03+00:00\" \/>\n<meta property=\"og:image\" content=\"https:\/\/www.gruppoliturgico.com\/wp-content\/uploads\/2022\/05\/290020bianco203.jpg\" \/>\n\t<meta property=\"og:image:width\" content=\"834\" \/>\n\t<meta property=\"og:image:height\" content=\"1500\" \/>\n\t<meta property=\"og:image:type\" content=\"image\/jpeg\" \/>\n<meta name=\"twitter:card\" content=\"summary_large_image\" \/>\n<script type=\"application\/ld+json\" class=\"yoast-schema-graph\">{\"@context\":\"https:\/\/schema.org\",\"@graph\":[{\"@type\":\"WebPage\",\"@id\":\"https:\/\/www.gruppoliturgico.com\/es\/producto\/dalmatica-3\/\",\"url\":\"https:\/\/www.gruppoliturgico.com\/es\/producto\/dalmatica-3\/\",\"name\":\"Dalm\u00e1tica - Dalm\u00e1ticas y Laboratorio Gruppo Liturgico\",\"isPartOf\":{\"@id\":\"https:\/\/www.gruppoliturgico.com\/es\/#website\"},\"datePublished\":\"2022-05-19T23:25:31+00:00\",\"dateModified\":\"2022-06-02T10:21:03+00:00\",\"description\":\"Para este paramento se ha elegido un magn\u00edfico tejido de lana y seda y se ha realizado mediante un proceso artesanal en el telar. La parte ornamental, tejida directamente en la tela, se compone de un compacto intercalado de l\u00edneas doradas que, despu\u00e9s de haber decorado abundantemente la parte central, se van esclareciendo progresivamente decorando toda la dalm\u00e1tica Incluye la estola. Est\u00e1 disponible en todos los colores lit\u00fargicos.\",\"breadcrumb\":{\"@id\":\"https:\/\/www.gruppoliturgico.com\/es\/producto\/dalmatica-3\/#breadcrumb\"},\"inLanguage\":\"es\",\"potentialAction\":[{\"@type\":\"ReadAction\",\"target\":[\"https:\/\/www.gruppoliturgico.com\/es\/producto\/dalmatica-3\/\"]}]},{\"@type\":\"BreadcrumbList\",\"@id\":\"https:\/\/www.gruppoliturgico.com\/es\/producto\/dalmatica-3\/#breadcrumb\",\"itemListElement\":[{\"@type\":\"ListItem\",\"position\":1,\"name\":\"Home\",\"item\":\"https:\/\/www.gruppoliturgico.com\/es\/\"},{\"@type\":\"ListItem\",\"position\":2,\"name\":\"Tienda\",\"item\":\"https:\/\/www.gruppoliturgico.com\/es\/tienda\/\"},{\"@type\":\"ListItem\",\"position\":3,\"name\":\"Dalm\u00e1tica\"}]},{\"@type\":\"WebSite\",\"@id\":\"https:\/\/www.gruppoliturgico.com\/es\/#website\",\"url\":\"https:\/\/www.gruppoliturgico.com\/es\/\",\"name\":\"Laboratorio Gruppo Liturgico\",\"description\":\"Articoli Religiosi online\",\"publisher\":{\"@id\":\"https:\/\/www.gruppoliturgico.com\/es\/#organization\"},\"potentialAction\":[{\"@type\":\"SearchAction\",\"target\":{\"@type\":\"EntryPoint\",\"urlTemplate\":\"https:\/\/www.gruppoliturgico.com\/es\/?s={search_term_string}\"},\"query-input\":\"required name=search_term_string\"}],\"inLanguage\":\"es\"},{\"@type\":\"Organization\",\"@id\":\"https:\/\/www.gruppoliturgico.com\/es\/#organization\",\"name\":\"Laboratorio Gruppo Liturgico\",\"url\":\"https:\/\/www.gruppoliturgico.com\/es\/\",\"logo\":{\"@type\":\"ImageObject\",\"inLanguage\":\"es\",\"@id\":\"https:\/\/www.gruppoliturgico.com\/es\/#\/schema\/logo\/image\/\",\"url\":\"https:\/\/www.gruppoliturgico.com\/wp-content\/uploads\/2022\/02\/logo-laboratoriogruppoliturgico.png\",\"contentUrl\":\"https:\/\/www.gruppoliturgico.com\/wp-content\/uploads\/2022\/02\/logo-laboratoriogruppoliturgico.png\",\"width\":400,\"height\":114,\"caption\":\"Laboratorio Gruppo Liturgico\"},\"image\":{\"@id\":\"https:\/\/www.gruppoliturgico.com\/es\/#\/schema\/logo\/image\/\"}}]}<\/script>\n<!-- \/ Yoast SEO plugin. -->","yoast_head_json":{"title":"Dalm\u00e1tica - Dalm\u00e1ticas y Laboratorio Gruppo Liturgico","description":"Para este paramento se ha elegido un magn\u00edfico tejido de lana y seda y se ha realizado mediante un proceso artesanal en el telar.  La parte ornamental, tejida directamente en la tela, se compone de un compacto intercalado de l\u00edneas doradas que, despu\u00e9s de haber decorado abundantemente la parte central, se van esclareciendo progresivamente decorando toda la dalm\u00e1tica Incluye la estola. Est\u00e1 disponible en todos los colores lit\u00fargicos.","robots":{"index":"index","follow":"follow","max-snippet":"max-snippet:-1","max-image-preview":"max-image-preview:large","max-video-preview":"max-video-preview:-1"},"canonical":"https:\/\/www.gruppoliturgico.com\/es\/producto\/dalmatica-3\/","og_locale":"es_ES","og_type":"article","og_title":"Dalm\u00e1tica - Dalm\u00e1ticas y Laboratorio Gruppo Liturgico","og_description":"Para este paramento se ha elegido un magn\u00edfico tejido de lana y seda y se ha realizado mediante un proceso artesanal en el telar.  La parte ornamental, tejida directamente en la tela, se compone de un compacto intercalado de l\u00edneas doradas que, despu\u00e9s de haber decorado abundantemente la parte central, se van esclareciendo progresivamente decorando toda la dalm\u00e1tica Incluye la estola. Est\u00e1 disponible en todos los colores lit\u00fargicos.","og_url":"https:\/\/www.gruppoliturgico.com\/es\/producto\/dalmatica-3\/","og_site_name":"Laboratorio Gruppo Liturgico","article_modified_time":"2022-06-02T10:21:03+00:00","og_image":[{"width":834,"height":1500,"url":"https:\/\/www.gruppoliturgico.com\/wp-content\/uploads\/2022\/05\/290020bianco203.jpg","type":"image\/jpeg"}],"twitter_card":"summary_large_image","schema":{"@context":"https:\/\/schema.org","@graph":[{"@type":"WebPage","@id":"https:\/\/www.gruppoliturgico.com\/es\/producto\/dalmatica-3\/","url":"https:\/\/www.gruppoliturgico.com\/es\/producto\/dalmatica-3\/","name":"Dalm\u00e1tica - Dalm\u00e1ticas y Laboratorio Gruppo Liturgico","isPartOf":{"@id":"https:\/\/www.gruppoliturgico.com\/es\/#website"},"datePublished":"2022-05-19T23:25:31+00:00","dateModified":"2022-06-02T10:21:03+00:00","description":"Para este paramento se ha elegido un magn\u00edfico tejido de lana y seda y se ha realizado mediante un proceso artesanal en el telar. La parte ornamental, tejida directamente en la tela, se compone de un compacto intercalado de l\u00edneas doradas que, despu\u00e9s de haber decorado abundantemente la parte central, se van esclareciendo progresivamente decorando toda la dalm\u00e1tica Incluye la estola. Est\u00e1 disponible en todos los colores lit\u00fargicos.","breadcrumb":{"@id":"https:\/\/www.gruppoliturgico.com\/es\/producto\/dalmatica-3\/#breadcrumb"},"inLanguage":"es","potentialAction":[{"@type":"ReadAction","target":["https:\/\/www.gruppoliturgico.com\/es\/producto\/dalmatica-3\/"]}]},{"@type":"BreadcrumbList","@id":"https:\/\/www.gruppoliturgico.com\/es\/producto\/dalmatica-3\/#breadcrumb","itemListElement":[{"@type":"ListItem","position":1,"name":"Home","item":"https:\/\/www.gruppoliturgico.com\/es\/"},{"@type":"ListItem","position":2,"name":"Tienda","item":"https:\/\/www.gruppoliturgico.com\/es\/tienda\/"},{"@type":"ListItem","position":3,"name":"Dalm\u00e1tica"}]},{"@type":"WebSite","@id":"https:\/\/www.gruppoliturgico.com\/es\/#website","url":"https:\/\/www.gruppoliturgico.com\/es\/","name":"Laboratorio Gruppo Liturgico","description":"Articoli Religiosi online","publisher":{"@id":"https:\/\/www.gruppoliturgico.com\/es\/#organization"},"potentialAction":[{"@type":"SearchAction","target":{"@type":"EntryPoint","urlTemplate":"https:\/\/www.gruppoliturgico.com\/es\/?s={search_term_string}"},"query-input":"required name=search_term_string"}],"inLanguage":"es"},{"@type":"Organization","@id":"https:\/\/www.gruppoliturgico.com\/es\/#organization","name":"Laboratorio Gruppo Liturgico","url":"https:\/\/www.gruppoliturgico.com\/es\/","logo":{"@type":"ImageObject","inLanguage":"es","@id":"https:\/\/www.gruppoliturgico.com\/es\/#\/schema\/logo\/image\/","url":"https:\/\/www.gruppoliturgico.com\/wp-content\/uploads\/2022\/02\/logo-laboratoriogruppoliturgico.png","contentUrl":"https:\/\/www.gruppoliturgico.com\/wp-content\/uploads\/2022\/02\/logo-laboratoriogruppoliturgico.png","width":400,"height":114,"caption":"Laboratorio Gruppo Liturgico"},"image":{"@id":"https:\/\/www.gruppoliturgico.com\/es\/#\/schema\/logo\/image\/"}}]}},"_links":{"self":[{"href":"https:\/\/www.gruppoliturgico.com\/es\/wp-json\/wp\/v2\/product\/66020"}],"collection":[{"href":"https:\/\/www.gruppoliturgico.com\/es\/wp-json\/wp\/v2\/product"}],"about":[{"href":"https:\/\/www.gruppoliturgico.com\/es\/wp-json\/wp\/v2\/types\/product"}],"wp:featuredmedia":[{"embeddable":true,"href":"https:\/\/www.gruppoliturgico.com\/es\/wp-json\/wp\/v2\/media\/130607"}],"wp:attachment":[{"href":"https:\/\/www.gruppoliturgico.com\/es\/wp-json\/wp\/v2\/media?parent=66020"}],"wp:term":[{"taxonomy":"product_cat","embeddable":true,"href":"https:\/\/www.gruppoliturgico.com\/es\/wp-json\/wp\/v2\/product_cat?post=66020"},{"taxonomy":"product_tag","embeddable":true,"href":"https:\/\/www.gruppoliturgico.com\/es\/wp-json\/wp\/v2\/product_tag?post=66020"}],"curies":[{"name":"wp","href":"https:\/\/api.w.org\/{rel}","templated":true}]}}